{"id":79,"date":"2020-04-21T09:10:45","date_gmt":"2020-04-21T09:10:45","guid":{"rendered":"https:\/\/unllocalbosc.org\/?page_id=79"},"modified":"2025-03-20T12:26:28","modified_gmt":"2025-03-20T10:26:28","slug":"projecte-educatiu","status":"publish","type":"page","link":"https:\/\/unllocalbosc.org\/es\/projecte-educatiu\/","title":{"rendered":"Proyecto educativo"},"content":{"rendered":"<p>En el LLOC nos nutrimos de grandes pedagogos, psic\u00f3logos, terapeutas, artistas, so\u00f1adores... que mucho antes que nosotros <strong>iniciaron el camino hacia un cambio de mirada<\/strong>. Des del moviment de l&#8217;escola libertaria de Freinet, fins a la pedagogia no directiva de la Pesta dels Wild, l&#8217;educaci\u00f3 creadora de Stern o la conquesta pel moviment lliure i l&#8217;autonomia de Pikler. Aquests s\u00f3n alguns dels noms que pots trobar menejant-se pel nostre espai, per\u00f2 <strong>son muchos m\u00e1s los que conforman las bases<\/strong> de nuestros principios pedag\u00f3gicos.<\/p>\n\n\n\n<div class=\"wp-block-media-text alignwide is-stacked-on-mobile\" style=\"grid-template-columns:44% auto\"><figure class=\"wp-block-media-text__media\"><img loading=\"lazy\" decoding=\"async\" width=\"1024\" height=\"683\" src=\"https:\/\/unllocalbosc.org\/wp-content\/uploads\/2020\/05\/IMG_1070-1024x683.jpg\" alt=\"\" class=\"wp-image-204 size-full\"\/><\/figure><div class=\"wp-block-media-text__content\">\n<p>UN LLOC AL BOSC se define como <strong>un espacio de acompa\u00f1amiento respetuoso<\/strong> que potencia el desarrollo de las ni\u00f1as\/os desde una perspectiva activa, viva y no directiva, donde las ni\u00f1as\/os <strong>se empoderan de sus propias vidas<\/strong> y nosotros somos quienes los acompa\u00f1amos con el amor, la presencia y la seguridad.<\/p>\n<\/div><\/div>\n\n\n\n<p><\/p>\n\n\n\n&nbsp;<br><a name=\"principis\">&nbsp;<\/a>\n\n\n\n<p class=\"has-text-align-center has-white-color has-light-gray-background-color has-text-color has-background\"><strong>PRINCIPIOS PEDAG\u00d3GICOS<\/strong><\/p>\n\n\n<div class=\"wp-block-image\">\n<figure class=\"alignright size-large is-resized\"><img loading=\"lazy\" decoding=\"async\" width=\"576\" height=\"1024\" src=\"https:\/\/unllocalbosc.org\/wp-content\/uploads\/2020\/05\/photo_2019-11-11_21-45-24-576x1024.jpg\" alt=\"\" class=\"wp-image-297\" style=\"width:454px;height:807px\" srcset=\"\" sizes=\"auto, (max-width: 576px) 100vw, 576px\" data-srcset=\"\" \/><\/figure>\n<\/div>\n\n\n<ul class=\"wp-block-list\">\n<li>Garantizar que las necesidades fisiol\u00f3gicas b\u00e1sicas est\u00e9n meticulosamente cubiertas, a trav\u00e9s de un <strong>di\u00e1logo t\u00f3nico-emocional<\/strong> que garantice al mismo tiempo otras necesidades fisiol\u00f3gicas, emocionales y cognitivas.    <\/li>\n\n\n\n<li>Establecer <strong>un v\u00ednculo afectivo seguro<\/strong> que cubra las necesidades de protecci\u00f3n y de exploraci\u00f3n. Esto implica una presencia del acompa\u00f1ante  para asegurar y proteger a los ni\u00f1os\/as en los momentos necesarios, y a la distancia adecuada para permitir la exploraci\u00f3n aut\u00f3noma del entorno.<\/li>\n\n\n\n<li>Establecer <strong>las m\u00ednimas imposiciones<\/strong>, solo aquellas necesarias que precisa la din\u00e1mica colectiva.<\/li>\n\n\n\n<li><strong>Apoyar a los y las peque\u00f1as<\/strong> en todo momento, que los ni\u00f1os y ni\u00f1as noten que se los respeta y se los quiere, velando al mismo tiempo para que las propias ni\u00f1as y ni\u00f1os se vayan creando un autoconcepto positivo sobre s\u00ed mismos.<\/li>\n\n\n\n<li>Crear <strong>un clima de di\u00e1logo<\/strong>, sustituyendo la violencia y la imposici\u00f3n en lo referente a la resoluci\u00f3n de conflictos.<\/li>\n\n\n\n<li><strong>Estimular el respeto<\/strong> a la libertad del otro, buscando el equilibrio entre la libertad individual y la colectiva, evitando situaciones de poder absoluto.<\/li>\n\n\n\n<li><strong>Desarrollar la responsabilidad<\/strong>, tanto la individual como la colectiva.<\/li>\n\n\n\n<li><strong>Favorecer la experimentaci\u00f3n<\/strong> como forma natural de evoluci\u00f3n de las ni\u00f1as\/os.<\/li>\n\n\n\n<li>Garantizar <strong>espacios de movimiento y juego espont\u00e1neo<\/strong>, as\u00ed como ambientes preparados adecuados a las necesidades del grupo.<\/li>\n\n\n\n<li><strong>Deshacer la rigidez de los estereotipos<\/strong> sociales, facilitando la igualdad de sexos y g\u00e9neros, al tiempo que respetamos las diferencias.<\/li>\n<\/ul>\n\n\n\n<a name=\"criteris\">&nbsp;<\/a><br>&nbsp;\n\n\n\n<p class=\"has-text-align-center has-white-color has-light-gray-background-color has-text-color has-background\"><strong>CRITERIOS METODOL\u00d3GICOS<\/strong><\/p>\n\n\n\n<div class=\"wp-block-media-text alignwide is-stacked-on-mobile\" style=\"grid-template-columns:46% auto\"><figure class=\"wp-block-media-text__media\"><img loading=\"lazy\" decoding=\"async\" width=\"800\" height=\"1024\" src=\"https:\/\/unllocalbosc.org\/wp-content\/uploads\/2020\/06\/apren.sig_-800x1024.jpg\" alt=\"\" class=\"wp-image-523 size-full\" srcset=\"\" sizes=\"auto, (max-width: 800px) 100vw, 800px\" data-srcset=\"\" \/><\/figure><div class=\"wp-block-media-text__content\">\n<p><strong>APRENDIZAJE SIGNIFICATIVO  <\/strong><\/p>\n\n\n\n<p>Aprovecharemos las situaciones cotidianas del espacio para aprender y <strong>poner en pr\u00e1ctica las capacidades que vayamos adquiriendo<\/strong>, puesto que las situaciones artificiales y descontextualitzadas resultan desmotivadoras y confunden al ni\u00f1o\/a en cuanto a la utilidad de los conocimientos adquiridos.<\/p>\n\n\n\n<p>Se trata de<strong>adquirir conocimientos a medida que los necesitamos<\/strong> para ampliar aquellos que ya tenemos, lo cual nos permite evolucionar.<\/p>\n<\/div><\/div>\n\n\n\n<p>Cada persona aprende aquellas cosas vinculadas a su vivencia o al desarrollo de esta, por lo que <strong>hay que conocer las experiencias, vivencias y sentimientos<\/strong> de cada cual, analizarlos y sintetizarlos para conocer qu\u00e9 es lo que quiere y puede aprender en cada momento. Esto ser\u00e1 posible si la persona adulta que lleva a cabo el acompa\u00f1amiento observa con atenci\u00f3n a  los ni\u00f1os\/as y se muestra sensible a todo aquello que tiene que ver con su actividad.<\/p>\n\n\n\n&nbsp;<br>&nbsp;\n\n\n<div class=\"wp-block-image\">\n<figure class=\"alignright size-large is-resized\"><img loading=\"lazy\" decoding=\"async\" width=\"723\" height=\"1024\" src=\"https:\/\/unllocalbosc.org\/wp-content\/uploads\/2020\/05\/photo_2020-05-31_17-22-07-723x1024.jpg\" alt=\"\" class=\"wp-image-207\" style=\"width:206px;height:291px\" srcset=\"\" sizes=\"auto, (max-width: 723px) 100vw, 723px\" data-srcset=\"\" \/><\/figure>\n<\/div>\n\n\n<p class=\"has-text-align-right\"><strong>RESPETO AL RITMO DE MADURACI\u00d3N Y APRENDIZAJE<\/strong><\/p>\n\n\n\n<p class=\"has-text-align-right\">Se tendr\u00e1n en cuenta las etapas evolutivas para preparar espacios con <strong>materiales que puedan resultar de inter\u00e9s a los ni\u00f1os\/as<\/strong>, a pesar de que dichas estapas no nos condicionar\u00e1n a la hora de respetar el ritmo de aprendizaje y maduraci\u00f3n. Los ni\u00f1os y ni\u00f1as ir\u00e1n consiguiendo objetivos atendiendo <strong>al propio ritmo e inter\u00e9s<\/strong>.<\/p>\n\n\n\n&nbsp;<br>&nbsp;\n\n\n\n&nbsp;<br>&nbsp;\n\n\n\n<p class=\"has-regular-font-size\"><strong>LIBERTAD<\/strong><\/p>\n\n\n<div class=\"wp-block-image\">\n<figure class=\"alignleft size-large\"><img loading=\"lazy\" decoding=\"async\" width=\"1024\" height=\"768\" src=\"https:\/\/unllocalbosc.org\/wp-content\/uploads\/2020\/05\/photo_2020-02-25_13-40-17-1024x768.jpg\" alt=\"\" class=\"wp-image-211\" srcset=\"\" sizes=\"auto, (max-width: 1024px) 100vw, 1024px\" data-srcset=\"\" \/><\/figure>\n<\/div>\n\n\n<p>En el LLOC buscamos <strong>una convivencia basada en el respecto<\/strong> de cada cual hacia el grado de libertad con el cual estar c\u00f3modos todos y todas. Los acompa\u00f1antes tienen que dar la libertad a los ni\u00f1os\/as para dirigir su actividad y aprendizaje. <strong>Entendemos la libertad como un camino<\/strong>, no como un concepto acabado.<\/p>\n\n\n\n<blockquote class=\"wp-block-quote has-text-align-right is-style-large is-layout-flow wp-block-quote-is-layout-flow\">\n<p>En el ejercicio de la libertad surge el compromiso de la persona con aquello que ha elegido desde todo su ser y no solo desde la mente.<\/p>\n<cite>Carl  Rogers<br><\/cite><\/blockquote>\n\n\n\n&nbsp;<br>&nbsp;\n\n\n\n<a name=\"adaptacio\">&nbsp;<\/a><br>&nbsp;\n\n\n\n<p class=\"has-text-align-center has-white-color has-light-gray-background-color has-text-color has-background\"><strong>VINCULACI\u00d3<\/strong><\/p>\n\n\n\n<p>La consideramos <strong>el periodo m\u00e1s importante para el bienestar de los y las peque\u00f1as<\/strong> , y tambi\u00e9n de sus familias. Un tiempo sin prisas y con el acompa\u00f1amiento y el respeto que cada cual necesita.<\/p>\n\n\n\n<div class=\"wp-block-media-text alignwide is-stacked-on-mobile\" style=\"grid-template-columns:37% auto\"><figure class=\"wp-block-media-text__media\"><img loading=\"lazy\" decoding=\"async\" width=\"964\" height=\"1024\" src=\"https:\/\/unllocalbosc.org\/wp-content\/uploads\/2020\/05\/adaptacio-964x1024.jpg\" alt=\"\" class=\"wp-image-219 size-full\" srcset=\"\" sizes=\"auto, (max-width: 964px) 100vw, 964px\" data-srcset=\"\" \/><\/figure><div class=\"wp-block-media-text__content\">\n<p>Por nuestra experiencia, una vivencia positiva, relajada y segura durante este periodo garantiza que <strong>la ni\u00f1a\/o pueda iniciar su propio camino en el espacio<\/strong> con la seguridad necesaria para crecer emocionalmente fuerte y con intereses para descubrir el mundo y sus posibilidades.<\/p>\n<\/div><\/div>\n\n\n\n<p><\/p>\n\n\n\n<a name=\"horari\">&nbsp;<\/a><br>&nbsp;\n\n\n\n<p class=\"has-text-align-center has-white-color has-light-gray-background-color has-text-color has-background\"><strong>ORGANITZACI\u00d3N TEMPORAL (HORARIO)<\/strong><\/p>\n\n\n\n<div class=\"wp-block-media-text alignwide has-media-on-the-right is-stacked-on-mobile is-vertically-aligned-bottom\" style=\"grid-template-columns:auto 23%\"><div class=\"wp-block-media-text__content\">\n<p class=\"has-text-align-right\">El horario que proponemos sirve de orientaci\u00f3n para las ni\u00f1as\/os, familias y acompa\u00f1antes. Aun as\u00ed, ser\u00e1 un <strong>horario flexible<\/strong> que se podr\u00e1 modificar seg\u00fan las necesidades del d\u00eda a d\u00eda y los ni\u00f1os\/as.<\/p>\n<\/div><figure class=\"wp-block-media-text__media\"><img loading=\"lazy\" decoding=\"async\" width=\"720\" height=\"963\" src=\"https:\/\/unllocalbosc.org\/wp-content\/uploads\/2020\/05\/horari.jpg\" alt=\"\" class=\"wp-image-241 size-full\" srcset=\"https:\/\/unllocalbosc.org\/wp-content\/uploads\/2020\/05\/horari.jpg 720w, https:\/\/unllocalbosc.org\/wp-content\/uploads\/2020\/05\/horari-224x300.jpg 224w, https:\/\/unllocalbosc.org\/wp-content\/uploads\/2020\/05\/horari-676x904.jpg 676w\" sizes=\"auto, (max-width: 720px) 100vw, 720px\" \/><\/figure><\/div>\n\n\n\n<p><\/p>\n\n\n\n<div class=\"wp-block-group alignwide\"><div class=\"wp-block-group__inner-container is-layout-flow wp-block-group-is-layout-flow\">\n<div class=\"wp-block-group\"><div class=\"wp-block-group__inner-container is-layout-flow wp-block-group-is-layout-flow\">\n<p style=\"padding-left:40px;\"><strong>8.30-9.00<\/strong> Llegada relajada.<\/p>\n\n\n\n<p style=\"padding-left:40px;\"><strong>9.00-9.15<\/strong> Encuentro de la ma\u00f1ana. <\/p>\n\n\n\n<p style=\"padding-left:40px;\"><strong>9.15-10.00<\/strong> Almuerzo<\/p>\n\n\n\n<p style=\"padding-left:40px;\"><strong>10.00-11.30<\/strong> Propuesta \u2013 Taller \/ Juego libre.<\/p>\n\n\n\n<p style=\"padding-left:40px;\"><strong>12.00-12.30<\/strong> Tancament del mat\u00ed.<\/p>\n\n\n\n<p style=\"padding-left:40px;\"><strong>12:30-13.00<\/strong> Momento de salida \/ Comer<\/p>\n\n\n\n<p style=\"padding-left:40px;\"><strong>13:30-14:30<\/strong> Descans\/Proposta relaxada.<\/p>\n\n\n\n<p style=\"padding-left:40px;\"><strong>14:30-15:00<\/strong> Tancament del dia.<\/p>\n\n\n\n<p style=\"padding-left:40px;\"><strong>15:00-15:30<\/strong> Eixida relaxada. Tancament de l\u2019espai<\/p>\n<\/div><\/div>\n<\/div><\/div>\n\n\n\n<p>Tanto la entrada como la salida ser\u00e1n relajadas. Las familias cuentan con media hora para acompa\u00f1ar a su hijo\/a en este proceso.<\/p>\n\n\n\n<div class=\"wp-block-media-text alignwide has-media-on-the-right is-stacked-on-mobile\" style=\"grid-template-columns:auto 27%\"><div class=\"wp-block-media-text__content\">\n<p class=\"has-text-align-right has-large-font-size\">Los momentos de alimentaci\u00f3n son <strong>una propuesta de encuentro social<\/strong>. No obstante, cada cual puede comer lo que necesite en el momento en que lo necesite. En el espacio siempre habr\u00e1 fruta fresca a disposici\u00f3n de los ni\u00f1os\/as.<\/p>\n<\/div><figure class=\"wp-block-media-text__media\"><img loading=\"lazy\" decoding=\"async\" width=\"817\" height=\"1024\" src=\"https:\/\/unllocalbosc.org\/wp-content\/uploads\/2020\/05\/fruita-817x1024.jpg\" alt=\"\" class=\"wp-image-243 size-full\" srcset=\"\" sizes=\"auto, (max-width: 817px) 100vw, 817px\" data-srcset=\"\" \/><\/figure><\/div>\n\n\n\n<p><\/p>\n\n\n\n<p>De la mateixa manera, despr\u00e9s del dinar, s&#8217;ofereix una proposta m\u00e9s relaxada per <strong>para facilitar un momento de calma<\/strong> que vagi disminuint el ritme a poc a poc i respectar el descans de qui ho necessite. No obstant, sempre hi haur\u00e0 un espai reservat per al descans i qualsevol pot disposar d&#8217;ell en el moment que ho necessite.<\/p>\n\n\n\n<a name=\"acompanyants\">&nbsp;<\/a><br>&nbsp;\n\n\n\n<p class=\"has-text-align-center has-white-color has-light-gray-background-color has-text-color has-background\"><strong>PAPER DE  L&#8217;ACOMPANYANTS<\/strong><\/p>\n\n\n\n<p>En UN LLOC AL BOSC entendemos que <strong>cada ni\u00f1o est\u00e1 en continuo crecimiento<\/strong> i que la meva tasca \u00e9s acompanyar-los en el cam\u00ed, donant-los tranquil\u00b7litat i amor, respectant les seues necessitats. Per als <a href=\"https:\/\/unllocalbosc.org\/es\/acompanyants\/\">acompa\u00f1antes<\/a> es muy importante <strong>respetar los espacios, tiempos y momentos<\/strong> personales, dejando que cada ni\u00f1o\/a contin\u00fae el crecimiento a su ritmo.<\/p>\n\n\n\n<figure class=\"wp-block-image size-large\"><img loading=\"lazy\" decoding=\"async\" width=\"1024\" height=\"576\" src=\"https:\/\/unllocalbosc.org\/wp-content\/uploads\/2020\/05\/pap.acomp2_-1024x576.jpg\" alt=\"\" class=\"wp-image-249\" srcset=\"\" sizes=\"auto, (max-width: 1024px) 100vw, 1024px\" data-srcset=\"\" \/><\/figure>\n\n\n\n<p>Confiamos en los ni\u00f1os, sabemos que son capaces de muchas cosas y <strong>les ofrecemos autonom\u00eda<\/strong>, a la que ellos nos responden con responsabilidad. Ellos y ellas necesitan descubrir las cosas por s\u00ed mismos, y por tanto los acompa\u00f1antes les proporcionamos espacios y din\u00e1micas donde los ni\u00f1os y ni\u00f1as puedan <strong>descubrir y aprender de una forma activa<\/strong>. Nos preocupamos de que no se hagan valoraciones de juicio ni por parte de los adultos ni entre los ni\u00f1os. Estamos a su lado para acompa\u00f1arlos emocionalmente, tanto cuando tienen un conflicto con otro como cuando este se genere con ellos mismos. <strong>La resoluci\u00f3n de conflictos es un aspecto de suma importancia<\/strong> en nuestro proyecto, al que ofrecemos el tiempo necesario, puesto que los conflictos son momentos de aprendizaje durante los que todas las personas del espacio podemos crecer. Nuestra forma de ver las relaciones est\u00e1 basada en la no imposici\u00f3n, la no directividad y el respecto a los procesos individuales.<\/p>\n\n\n\n<p>El amor y el respeto por sus necesidades no est\u00e1 re\u00f1ido con <strong>marcar de una forma clara cu\u00e1les son los l\u00edmites<\/strong>. Y aqu\u00ed radica otra de las grandes responsabilidades de los acompa\u00f1antes.<\/p>\n\n\n\n<p><strong>Las relaciones en el espacio son antiautoritarias<\/strong>, entendiendo la autoridad negativa como una forma de poder absoluto y diferenci\u00e1ndola de lo que se denomina autoridad positiva, que es aquella que otorga la experiencia. De este modo, cuando una persona adulta impone algo a una persona con menos experiencia <strong>ser\u00e1 por cuestiones de seguridad o respeto<\/strong> de los l\u00edmites establecidos, y nunca por abuso de poder. <\/p>\n\n\n\n&nbsp;<br><a name=\"families\">&nbsp;<\/a>\n\n\n\n<p><\/p>\n\n\n\n<p class=\"has-text-align-center has-white-color has-light-gray-background-color has-text-color has-background\"><strong>LAS FAMILIAS<\/strong><\/p>\n\n\n\n<div class=\"wp-block-media-text alignwide is-stacked-on-mobile\" style=\"grid-template-columns:21% auto\"><figure class=\"wp-block-media-text__media\"><img loading=\"lazy\" decoding=\"async\" width=\"185\" height=\"263\" src=\"https:\/\/unllocalbosc.org\/wp-content\/uploads\/2020\/05\/Imagen-P-Sist\u00e9mica.jpg\" alt=\"\" class=\"wp-image-254 size-full\"\/><\/figure><div class=\"wp-block-media-text__content\">\n<p>Desde UN LLOC AL BOSC vemos a las familias como una parte m\u00e1s, <strong>fundamental dentro del proyecto<\/strong>. Consideramos el espacio educativo y la familia como partes de un mismo sistema. Esto significa que tratamos de establecer una sinton\u00eda entre la forma en que nosotros vemos la educaci\u00f3n y el punto de vista de la familia.<\/p>\n<\/div><\/div>\n\n\n\n<p><\/p>\n\n\n\n<p>Este caminar juntos es muy importante para que los y las peque\u00f1as puedan crecer y aprender con tranquilidad y sin presiones. Adem\u00e1s de tener esa visi\u00f3n similar, pensamos que <strong>las familias deber\u00edan poder participar en el d\u00eda a d\u00eda<\/strong> de l&#8217;espai. Hi ha moltes formes de poder estar presents, des de compartir temps en l&#8217;espai a l&#8217;hora d&#8217;arribar o marxar, fins compartir alguna habilitat\/coneixement en una proposta amb tots els xiquets de l&#8217;espai, o vindre a gaudir d&#8217;un dia amb nosaltres. I no oblidem la import\u00e0ncia que t\u00e9 la fam\u00edlia durant les primeres setmanes que el xiquet\/a est\u00e0 a l&#8217;espai, ja que <strong>s\u00f3n la base d&#8217;una vinculaci\u00f3<\/strong> que els hi permeta despr\u00e9s sentir-se segures.<\/p>\n\n\n\n<p><\/p>","protected":false},"excerpt":{"rendered":"<p>Al LLOC ens nodrim de grans pedagogs, psic\u00f2legs, terapeutes, artistes, somiadors, \u2026 que molt abans que nosaltres van iniciar el cam\u00ed cap a un canvi de mirada. Des del moviment de l&#8217;escola libertaria de Freinet, fins a la pedagogia no directiva de la Pesta dels Wild, l&#8217;educaci\u00f3 creadora de Stern o la conquesta pel moviment [&hellip;]<\/p>","protected":false},"author":4,"featured_media":0,"parent":0,"menu_order":0,"comment_status":"closed","ping_status":"closed","template":"","meta":{"footnotes":""},"class_list":["post-79","page","type-page","status-publish","hentry","post-preview"],"_links":{"self":[{"href":"https:\/\/unllocalbosc.org\/es\/wp-json\/wp\/v2\/pages\/79","targetHints":{"allow":["GET"]}}],"collection":[{"href":"https:\/\/unllocalbosc.org\/es\/wp-json\/wp\/v2\/pages"}],"about":[{"href":"https:\/\/unllocalbosc.org\/es\/wp-json\/wp\/v2\/types\/page"}],"author":[{"embeddable":true,"href":"https:\/\/unllocalbosc.org\/es\/wp-json\/wp\/v2\/users\/4"}],"replies":[{"embeddable":true,"href":"https:\/\/unllocalbosc.org\/es\/wp-json\/wp\/v2\/comments?post=79"}],"version-history":[{"count":1,"href":"https:\/\/unllocalbosc.org\/es\/wp-json\/wp\/v2\/pages\/79\/revisions"}],"predecessor-version":[{"id":620,"href":"https:\/\/unllocalbosc.org\/es\/wp-json\/wp\/v2\/pages\/79\/revisions\/620"}],"wp:attachment":[{"href":"https:\/\/unllocalbosc.org\/es\/wp-json\/wp\/v2\/media?parent=79"}],"curies":[{"name":"wp","href":"https:\/\/api.w.org\/{rel}","templated":true}]}}